{"id":2616,"date":"2020-08-26T13:14:49","date_gmt":"2020-08-26T11:14:49","guid":{"rendered":"https:\/\/www.conect.at\/download"},"modified":"2025-09-19T10:47:14","modified_gmt":"2025-09-19T08:47:14","slug":"download","status":"publish","type":"page","link":"https:\/\/www.conect.at\/en\/download","title":{"rendered":"Download"},"content":{"rendered":"<p>[vc_row][vc_column][vc_column_text]<\/p>\n<h3>CON.ECT Business Academy<\/h3>\n<!-- Media List Template -->\n<div class=\"media-list\"><a target=\"_blank\" href=\"https:\/\/www.conect.at\/wp-content\/uploads\/2025\/08\/2504311-conect-kalender.pdf\" >CON.ECT Kalender 2025\/3 (654 KB)<\/a><a target=\"_blank\" href=\"https:\/\/www.conect.at\/wp-content\/uploads\/2025\/08\/2503602-conect-katalog.pdf\" >CON.ECT Katalog 2025 (1 MB)<\/a><a target=\"_blank\" href=\"https:\/\/www.conect.at\/wp-content\/uploads\/2024\/08\/2404301-conect-kalender.pdf\" >2404301 conect kalender (634 KB)<\/a><a target=\"_blank\" href=\"https:\/\/www.conect.at\/wp-content\/uploads\/2023\/04\/2303902-conect-katalog-en.pdf\" >CON\u00b7ECT Katalog Englisch (3 MB)<\/a><a target=\"_blank\" href=\"https:\/\/www.conect.at\/wp-content\/uploads\/2023\/01\/1712102-conect-folder-eng.pdf\" >Con.ect Folder Englisch (3 MB)<\/a><a target=\"_blank\" href=\"https:\/\/www.conect.at\/wp-content\/uploads\/2023\/01\/2300102-conect-kalender.pdf\" >2300102 conect kalender (2 MB)<\/a><a target=\"_blank\" href=\"https:\/\/www.conect.at\/wp-content\/uploads\/2022\/12\/2209303-conex.pdf\" >Con.ect Experience Brosch\u00fcre (3 MB)<\/a><a target=\"_blank\" href=\"https:\/\/www.conect.at\/wp-content\/uploads\/2022\/10\/2208101-conect-ex-form-pdf-image.jpg\" >Con.ect Experience Mitgliedschaft (103 KB)<\/a><a target=\"_blank\" href=\"https:\/\/www.conect.at\/wp-content\/uploads\/2022\/10\/2207402-conect-broschuere.pdf\" >Con.ect Brosch\u00fcre (4 MB)<\/a><a target=\"_blank\" href=\"https:\/\/www.conect.at\/wp-content\/uploads\/2022\/03\/2201501b-conect-strateg-it-mmt.pdf\" >IT-Strategie Lehrgang (2 MB)<\/a><a target=\"_blank\" href=\"https:\/\/www.conect.at\/wp-content\/uploads\/2022\/07\/2205201-conect-datenmanagement.pdf\" >Datenmanagement Lehrgang (80 KB)<\/a><a target=\"_blank\" href=\"https:\/\/www.conect.at\/wp-content\/uploads\/2022\/06\/2204501-conect-katalog.pdf\" >Conect Katalog 2022 (4 MB)<\/a><a target=\"_blank\" href=\"https:\/\/www.conect.at\/wp-content\/uploads\/2022\/05\/booklet_ddp_de.pdf\" >booklet_ddp_de (476 KB)<\/a><a target=\"_blank\" href=\"https:\/\/www.conect.at\/wp-content\/uploads\/2021\/11\/2109003b-conect-enterprise-it-architektur.pdf\" >EAM-Lehrgang (2 MB)<\/a><a target=\"_blank\" href=\"https:\/\/www.conect.at\/wp-content\/uploads\/2022\/03\/2111402-conect-katalog-en.pdf\" >Conect Katalog Englisch 2021\/22 (3 MB)<\/a><a target=\"_blank\" href=\"https:\/\/www.conect.at\/wp-content\/uploads\/2021\/12\/ddp_foundation_level_handbook_en_v1.0.0-3.pdf\" >ddp_foundation_level_handbook_en_v1.0.0 (6 MB)<\/a><a target=\"_blank\" href=\"https:\/\/www.conect.at\/wp-content\/uploads\/2021\/11\/1909302-conect-strategiepapier.pdf\" >Conect Strategie (83 KB)<\/a><a target=\"_blank\" href=\"https:\/\/www.conect.at\/wp-content\/uploads\/2021\/05\/2100303_conect_videos.pdf\" >Conect Videos (89 KB)<\/a><a target=\"_blank\" href=\"https:\/\/www.conect.at\/wp-content\/uploads\/2021\/05\/2008201_conect_marketing.pdf\" >Conect Marketing (243 KB)<\/a><a target=\"_blank\" href=\"https:\/\/www.conect.at\/wp-content\/uploads\/2021\/05\/2004401_conect_consulting.pdf\" >Conect Consulting (2 MB)<\/a><\/div>\n<h3>CON.ECT Informunity<\/h3>\n<!-- Media List Template -->\n<div class=\"media-list\"><a target=\"_blank\" href=\"https:\/\/www.conect.at\/wp-content\/uploads\/2025\/06\/2504806-conect-it-im-wandel.pdf\" >IT im Wandel 2025 (313 KB)<\/a><a target=\"_blank\" href=\"https:\/\/www.conect.at\/wp-content\/uploads\/2022\/07\/2301913-conect-swiss-eam.pdf\" >2301913 conect swiss eam (317 KB)<\/a><a target=\"_blank\" href=\"https:\/\/www.conect.at\/wp-content\/uploads\/2022\/07\/2301219a-conect-itsm-swiss.pdf\" >2301219a conect itsm swiss (686 KB)<\/a><a target=\"_blank\" href=\"https:\/\/www.conect.at\/wp-content\/uploads\/2022\/06\/2300827a-conect-eam-wien.pdf\" >2300827a conect eam wien (566 KB)<\/a><a target=\"_blank\" href=\"https:\/\/www.conect.at\/wp-content\/uploads\/2022\/06\/2300826a-conect-eam-wien.pdf\" >2300826a conect eam wien (556 KB)<\/a><a target=\"_blank\" href=\"https:\/\/www.conect.at\/wp-content\/uploads\/2023\/01\/2302507-conect-itsm-wien.pdf\" >2302507 conect itsm wien (234 KB)<\/a><a target=\"_blank\" href=\"https:\/\/www.conect.at\/wp-content\/uploads\/2023\/01\/2303202-conect-it-strategien.pdf\" >2303202 conect it-strategien (138 KB)<\/a><a target=\"_blank\" href=\"https:\/\/www.conect.at\/wp-content\/uploads\/2022\/06\/2300818-conect-eam-wien.pdf\" >2300818 conect eam wien (489 KB)<\/a><a target=\"_blank\" href=\"https:\/\/www.conect.at\/wp-content\/uploads\/2023\/03\/2206904-conect-eam-award.pdf\" >2206904 conect eam award (94 KB)<\/a><a target=\"_blank\" href=\"https:\/\/www.conect.at\/wp-content\/uploads\/2022\/12\/2301515-conect-eam-roundtable.pdf\" >2301515 conect eam roundtable (569 KB)<\/a><a target=\"_blank\" href=\"https:\/\/www.conect.at\/wp-content\/uploads\/2023\/02\/2301701-conect-safe-vortrag-1.pdf\" >2301701 conect safe-vortrag (120 KB)<\/a><a target=\"_blank\" href=\"https:\/\/www.conect.at\/wp-content\/uploads\/2022\/06\/2207802-conect-nb-society-50-1.pdf\" >Nachbericht Society 5.0 (582 KB)<\/a><a target=\"_blank\" href=\"https:\/\/www.conect.at\/wp-content\/uploads\/2022\/06\/2206908-conect-security.pdf\" >2206908 conect security (166 KB)<\/a><a target=\"_blank\" href=\"https:\/\/www.conect.at\/wp-content\/uploads\/2022\/06\/2205712-conect-it-strategien.pdf\" >2205712 conect it-strategien (293 KB)<\/a><a target=\"_blank\" href=\"https:\/\/www.conect.at\/wp-content\/uploads\/2022\/06\/2205521a-conect-society-50.pdf\" >Vorjahresprogramm (375 KB)<\/a><a target=\"_blank\" href=\"https:\/\/www.conect.at\/wp-content\/uploads\/2022\/10\/2206903-conect-eam-award.pdf\" >Con.ect EAM Award (94 KB)<\/a><a target=\"_blank\" href=\"https:\/\/www.conect.at\/wp-content\/uploads\/2022\/06\/2205307-conect-agile-leadership-1.pdf\" >2205307 conect agile leadership (219 KB)<\/a><a target=\"_blank\" href=\"https:\/\/www.conect.at\/wp-content\/uploads\/2022\/06\/BSMITSM_2022.png\" >BSM&amp;ITSM_2022 (431 KB)<\/a><a target=\"_blank\" href=\"https:\/\/www.conect.at\/wp-content\/uploads\/2022\/06\/2205305-conect-agile-leadership.pdf\" >Programm Agile Leadership 2022 (209 KB)<\/a><a target=\"_blank\" href=\"https:\/\/www.conect.at\/wp-content\/uploads\/2021\/11\/2204103-conect-nb-itsm-swiss.pdf\" >Nachbericht ITSM Swiss 2022 (814 KB)<\/a><a target=\"_blank\" href=\"https:\/\/www.conect.at\/wp-content\/uploads\/2021\/11\/2204001-conect-nb-eam-swiss.pdf\" >Nachbericht EAM Swiss 2022 (426 KB)<\/a><a target=\"_blank\" href=\"https:\/\/www.conect.at\/wp-content\/uploads\/2021\/11\/2201620a-conect-swiss-itsm.pdf\" >Swiss ITSM 2022 Vorjahresprogramm (461 KB)<\/a><a target=\"_blank\" href=\"https:\/\/www.conect.at\/wp-content\/uploads\/2021\/11\/2202216-conect-swiss-eam.pdf\" >Swiss EAM 2022 (384 KB)<\/a><a target=\"_blank\" href=\"https:\/\/www.conect.at\/wp-content\/uploads\/2021\/11\/2203203-conect-nb-eam-wien.pdf\" >Nachbericht EAM Wien 2022 (694 KB)<\/a><a target=\"_blank\" href=\"https:\/\/www.conect.at\/wp-content\/uploads\/2021\/11\/Award-Nachbericht_2203302-conect-nb-eam-award.pdf\" >EAM Award Nachbericht 2022 (199 KB)<\/a><a target=\"_blank\" href=\"https:\/\/www.conect.at\/wp-content\/uploads\/2021\/11\/2200434a-conect-eam-wien.pdf\" >Vorjahresprogramm EAM Wien (575 KB)<\/a><a target=\"_blank\" href=\"https:\/\/www.conect.at\/wp-content\/uploads\/2022\/01\/2201017-conect-eam-roundtable.pdf\" >EAM Roundtable 2022 (566 KB)<\/a><\/div>\n<h3>Literatur f\u00fcr ReferentInnen<\/h3>\n<!-- Media List Template -->\n<div class=\"media-list\"><\/div>\n<h3>Lehrpl\u00e4ne<\/h3>\n<!-- Media List Template -->\n<div class=\"media-list\"><\/div>\n<h2>Weiterf\u00fchrende Literatur, die wir unseren ReferentInnen empfehlen:<\/h2>\n<!-- Media List Template -->\n<div class=\"media-list\"><\/div>\n<h4><a href=\"https:\/\/www.conect.at\/uber-uns\/presse\/\">Reference<\/a><\/h4>\n<p>[\/vc_column_text][vc_custom_heading text=&#8221;20 Jahre CON\u2022ECT Eventmanagement&#8221; use_theme_fonts=&#8221;yes&#8221;][vc_row_inner][vc_column_inner offset=&#8221;vc_col-md-6&#8243;][vc_column_text]<\/p>\n<h4>Interview Mag. Bettina Hainschink (CON\u2022ECT Eventmanagement)<\/h4>\n<div style=\"width: 640px;\" class=\"wp-video\"><!--[if lt IE 9]><script>document.createElement('video');<\/script><![endif]-->\n<video class=\"wp-video-shortcode\" id=\"video-2616-1\" width=\"640\" height=\"360\" preload=\"metadata\" controls=\"controls\"><source type=\"video\/mp4\" src=\"http:\/\/www.conect.at\/fileadmin\/user_upload\/Hainschink_Conect.mp4?_=1\" \/><a href=\"http:\/\/www.conect.at\/fileadmin\/user_upload\/Hainschink_Conect.mp4\">http:\/\/www.conect.at\/fileadmin\/user_upload\/Hainschink_Conect.mp4<\/a><\/video><\/div>\n<p>[\/vc_column_text][\/vc_column_inner][vc_column_inner offset=&#8221;vc_col-md-6&#8243;][vc_column_text]<\/p>\n<h4>Interview Univ.-Prof. Dr. Clemens Cap (Universit\u00e4t Rostock)<\/h4>\n<div style=\"width: 640px;\" class=\"wp-video\"><video class=\"wp-video-shortcode\" id=\"video-2616-2\" width=\"640\" height=\"360\" preload=\"metadata\" controls=\"controls\"><source type=\"video\/mp4\" src=\"http:\/\/www.conect.at\/fileadmin\/user_upload\/Cap_Conect.mp4?_=2\" \/><a href=\"http:\/\/www.conect.at\/fileadmin\/user_upload\/Cap_Conect.mp4\">http:\/\/www.conect.at\/fileadmin\/user_upload\/Cap_Conect.mp4<\/a><\/video><\/div>\n<p>[\/vc_column_text][\/vc_column_inner][\/vc_row_inner][vc_custom_heading text=&#8221;20 Jahre Future Network&#8221; use_theme_fonts=&#8221;yes&#8221;][vc_row_inner][vc_column_inner offset=&#8221;vc_col-md-6&#8243;][vc_column_text]<\/p>\n<h4>Interview Mag. Bettina Hainschink (CON\u2022ECT Eventmanagement)<\/h4>\n<div style=\"width: 640px;\" class=\"wp-video\"><video class=\"wp-video-shortcode\" id=\"video-2616-3\" width=\"640\" height=\"360\" preload=\"metadata\" controls=\"controls\"><source type=\"video\/mp4\" src=\"http:\/\/www.conect.at\/fileadmin\/user_upload\/Hainschink_Conect.mp4?_=3\" \/><a href=\"http:\/\/www.conect.at\/fileadmin\/user_upload\/Hainschink_Conect.mp4\">http:\/\/www.conect.at\/fileadmin\/user_upload\/Hainschink_Conect.mp4<\/a><\/video><\/div>\n<p>[\/vc_column_text][\/vc_column_inner][vc_column_inner offset=&#8221;vc_col-md-6&#8243;][vc_column_text]<\/p>\n<h4>Interview Univ.-Prof. Dr. Clemens Cap (Universit\u00e4t Rostock)<\/h4>\n<div style=\"width: 640px;\" class=\"wp-video\"><video class=\"wp-video-shortcode\" id=\"video-2616-4\" width=\"640\" height=\"360\" preload=\"metadata\" controls=\"controls\"><source type=\"video\/mp4\" src=\"http:\/\/www.conect.at\/fileadmin\/user_upload\/Cap_Conect.mp4?_=4\" \/><a href=\"http:\/\/www.conect.at\/fileadmin\/user_upload\/Cap_Conect.mp4\">http:\/\/www.conect.at\/fileadmin\/user_upload\/Cap_Conect.mp4<\/a><\/video><\/div>\n<p>[\/vc_column_text][\/vc_column_inner][\/vc_row_inner][\/vc_column][\/vc_row]<\/p>\n","protected":false},"excerpt":{"rendered":"<p>[vc_row][vc_column][vc_column_text] CON.ECT Business Academy CON.ECT Informunity Literatur f\u00fcr ReferentInnen Lehrpl\u00e4ne Weiterf\u00fchrende Literatur, die wir unseren ReferentInnen empfehlen: Reference [\/vc_column_text][vc_custom_heading text=&#8221;20 Jahre CON\u2022ECT Eventmanagement&#8221; use_theme_fonts=&#8221;yes&#8221;][vc_row_inner][vc_column_inner offset=&#8221;vc_col-md-6&#8243;][vc_column_text] Interview Mag. Bettina Hainschink (CON\u2022ECT Eventmanagement) [\/vc_column_text][\/vc_column_inner][vc_column_inner offset=&#8221;vc_col-md-6&#8243;][vc_column_text] Interview Univ.-Prof. Dr. Clemens Cap (Universit\u00e4t Rostock) [\/vc_column_text][\/vc_column_inner][\/vc_row_inner][vc_custom_heading text=&#8221;20 Jahre Future Network&#8221; use_theme_fonts=&#8221;yes&#8221;][vc_row_inner][vc_column_inner offset=&#8221;vc_col-md-6&#8243;][vc_column_text] Interview Mag. Bettina Hainschink (CON\u2022ECT Eventmanagement) [\/vc_column_text][\/vc_column_inner][vc_column_inner offset=&#8221;vc_col-md-6&#8243;][vc_column_text]<\/p>\n","protected":false},"author":1,"featured_media":0,"parent":0,"menu_order":130,"comment_status":"closed","ping_status":"closed","template":"download-group.php","meta":[],"_links":{"self":[{"href":"https:\/\/www.conect.at\/en\/wp-json\/wp\/v2\/pages\/2616"}],"collection":[{"href":"https:\/\/www.conect.at\/en\/wp-json\/wp\/v2\/pages"}],"about":[{"href":"https:\/\/www.conect.at\/en\/wp-json\/wp\/v2\/types\/page"}],"author":[{"embeddable":true,"href":"https:\/\/www.conect.at\/en\/wp-json\/wp\/v2\/users\/1"}],"replies":[{"embeddable":true,"href":"https:\/\/www.conect.at\/en\/wp-json\/wp\/v2\/comments?post=2616"}],"version-history":[{"count":0,"href":"https:\/\/www.conect.at\/en\/wp-json\/wp\/v2\/pages\/2616\/revisions"}],"wp:attachment":[{"href":"https:\/\/www.conect.at\/en\/wp-json\/wp\/v2\/media?parent=2616"}],"curies":[{"name":"wp","href":"https:\/\/api.w.org\/{rel}","templated":true}]}}